{"id":281,"date":"2021-12-08T14:37:29","date_gmt":"2021-12-08T13:37:29","guid":{"rendered":"https:\/\/www.ifape.com\/?page_id=281"},"modified":"2023-12-21T17:52:03","modified_gmt":"2023-12-21T16:52:03","slug":"nos-formateurs","status":"publish","type":"page","link":"https:\/\/www.ifape.com\/nos-formateurs\/","title":{"rendered":"Nos formateurs"},"content":{"rendered":"\t\t<div data-elementor-type=\"wp-page\" data-elementor-id=\"281\" class=\"elementor elementor-281\">\n\t\t\t\t\t\t\t\t\t<section class=\"has_ae_slider elementor-section elementor-top-section elementor-element elementor-element-ec4de13 elementor-section-full_width elementor-section-height-default elementor-section-height-default ae-bg-gallery-type-default\" data-id=\"ec4de13\" data-element_type=\"section\" data-settings=\"{&quot;background_background&quot;:&quot;classic&quot;}\">\n\t\t\t\t\t\t\t<div class=\"elementor-background-overlay\"><\/div>\n\t\t\t\t\t\t\t<div class=\"elementor-container elementor-column-gap-default\">\n\t\t\t\t\t<div class=\"has_ae_slider elementor-column elementor-col-100 elementor-top-column elementor-element elementor-element-c50b493 ae-bg-gallery-type-default\" data-id=\"c50b493\" data-element_type=\"column\">\n\t\t\t<div class=\"elementor-widget-wrap elementor-element-populated\">\n\t\t\t\t\t\t\t\t<div class=\"elementor-element elementor-element-3dab8af elementor-widget elementor-widget-heading\" data-id=\"3dab8af\" data-element_type=\"widget\" data-widget_type=\"heading.default\">\n\t\t\t\t<div class=\"elementor-widget-container\">\n\t\t\t<h1 class=\"elementor-heading-title elementor-size-default\">Nos formateurs<\/h1>\t\t<\/div>\n\t\t\t\t<\/div>\n\t\t\t\t\t<\/div>\n\t\t<\/div>\n\t\t\t\t\t\t\t<\/div>\n\t\t<\/section>\n\t\t\t\t<section class=\"has_ae_slider elementor-section elementor-top-section elementor-element elementor-element-2b82368 elementor-section-full_width elementor-section-height-default elementor-section-height-default ae-bg-gallery-type-default\" data-id=\"2b82368\" data-element_type=\"section\" data-settings=\"{&quot;background_background&quot;:&quot;classic&quot;}\">\n\t\t\t\t\t\t<div class=\"elementor-container elementor-column-gap-default\">\n\t\t\t\t\t<div class=\"has_ae_slider elementor-column elementor-col-100 elementor-top-column elementor-element elementor-element-250cdbe ae-bg-gallery-type-default\" data-id=\"250cdbe\" data-element_type=\"column\">\n\t\t\t<div class=\"elementor-widget-wrap elementor-element-populated\">\n\t\t\t\t\t\t\t\t<section class=\"has_ae_slider elementor-section elementor-inner-section elementor-element elementor-element-836a946 elementor-section-boxed elementor-section-height-default elementor-section-height-default ae-bg-gallery-type-default\" data-id=\"836a946\" data-element_type=\"section\">\n\t\t\t\t\t\t<div class=\"elementor-container elementor-column-gap-no\">\n\t\t\t\t\t<div class=\"has_ae_slider elementor-column elementor-col-33 elementor-inner-column elementor-element elementor-element-72bd8bb ae-bg-gallery-type-default\" data-id=\"72bd8bb\" data-element_type=\"column\">\n\t\t\t<div class=\"elementor-widget-wrap elementor-element-populated\">\n\t\t\t\t\t\t\t\t<div class=\"elementor-element elementor-element-1d5b61e elementor-widget elementor-widget-jkit_heading\" data-id=\"1d5b61e\" data-element_type=\"widget\" data-widget_type=\"jkit_heading.default\">\n\t\t\t\t<div class=\"elementor-widget-container\">\n\t\t\t<div  class=\"jeg-elementor-kit jkit-heading  align-left align-tablet- align-mobile- jeg_module___69f1e7dc5e505\" ><div class=\"heading-section-title \"><h3 class=\"heading-title\">FEDIA<\/h3><\/div><div class=\"heading-section-separator\"><div class=\"separator-wrapper style-solid\"><\/div><\/div><div class=\"heading-section-description\"><p>Auditrice en<\/p><ul><li>Qualit\u00e9,<\/li><li>Hygi\u00e8ne Alimentaire,<\/li><li>S\u00e9curit\u00e9,<\/li><li>Environnement<\/li><\/ul><p>exp\u00e9rience cumul\u00e9e en<\/p><ul><li>Management,<\/li><li>Formation,<\/li><li>Hygi\u00e8ne,<\/li><li>Sant\u00e9 S\u00e9curit\u00e9 au Travail,<\/li><li>Analyse des risques,<\/li><li>Gestion de projet,<\/li><li>Normes ISO,<\/li><\/ul><p>Formation \u00e0 destination des professionnels des m\u00e9tiers de bouche, h\u00f4tels et des collectivit\u00e9s dans la mise en place :<\/p><p>Des bonnes pratiques d\u2019hygi\u00e8ne , Allerg\u00e8nes , la m\u00e9thode H.A. C.C.P et \u00e0 comprendre les exigences de la loi (Paquet Hygi\u00e8ne, PMS, Etiquetage,\u00a0 Tra\u00e7abilit\u00e9, Nettoyage d\u00e9sinfection).<\/p><p>Master2 Analyse des risques des bio- contaminants, qualit\u00e9 et s\u00e9curit\u00e9 des aliments \u2013 Agro ParisTech - Ecole Nationale V\u00e9t\u00e9rinaire D\u2019Alfort - Paris XII<\/p><\/div><\/div>\t\t<\/div>\n\t\t\t\t<\/div>\n\t\t\t\t\t<\/div>\n\t\t<\/div>\n\t\t\t\t<div class=\"has_ae_slider elementor-column elementor-col-33 elementor-inner-column elementor-element elementor-element-4c17040 ae-bg-gallery-type-default\" data-id=\"4c17040\" data-element_type=\"column\">\n\t\t\t<div class=\"elementor-widget-wrap elementor-element-populated\">\n\t\t\t\t\t\t\t\t<div class=\"elementor-element elementor-element-cb8c864 elementor-widget elementor-widget-jkit_heading\" data-id=\"cb8c864\" data-element_type=\"widget\" data-widget_type=\"jkit_heading.default\">\n\t\t\t\t<div class=\"elementor-widget-container\">\n\t\t\t<div  class=\"jeg-elementor-kit jkit-heading  align-left align-tablet- align-mobile- jeg_module__1_69f1e7dc651dc\" ><div class=\"heading-section-title \"><h3 class=\"heading-title\">MAXIME<\/h3><\/div><div class=\"heading-section-separator\"><div class=\"separator-wrapper style-solid\"><\/div><\/div><div class=\"heading-section-description\"><p>Formateur-consultant et auditeur en Hygi\u00e8ne alimentaire ( HACCP-Tra\u00e7abilit\u00e9), Bio-nettoyage et Allerg\u00e8nes.<\/p><p>Dipl\u00f4mes :<\/p><ul><li>BTS Management H\u00f4tellerie Restauration<\/li><li>BAC H\u00f4tellerie Restauration<\/li><\/ul><p><br \/>Exp\u00e9rience de 10 ans dans le secteur de la formation professionnelle.<br \/><br \/>Pr\u00e9paration des certifications Qualiopi\/Data-dock<br \/>Auditeur<\/p><\/div><\/div>\t\t<\/div>\n\t\t\t\t<\/div>\n\t\t\t\t\t<\/div>\n\t\t<\/div>\n\t\t\t\t<div class=\"has_ae_slider elementor-column elementor-col-33 elementor-inner-column elementor-element elementor-element-281b74a ae-bg-gallery-type-default\" data-id=\"281b74a\" data-element_type=\"column\">\n\t\t\t<div class=\"elementor-widget-wrap elementor-element-populated\">\n\t\t\t\t\t\t\t\t<div class=\"elementor-element elementor-element-a196b41 elementor-widget elementor-widget-jkit_heading\" data-id=\"a196b41\" data-element_type=\"widget\" data-widget_type=\"jkit_heading.default\">\n\t\t\t\t<div class=\"elementor-widget-container\">\n\t\t\t<div  class=\"jeg-elementor-kit jkit-heading  align-left align-tablet- align-mobile- jeg_module__2_69f1e7dc6bf5f\" ><div class=\"heading-section-title \"><h3 class=\"heading-title\">LAURENT<\/h3><\/div><div class=\"heading-section-separator\"><div class=\"separator-wrapper style-solid\"><\/div><\/div><div class=\"heading-section-description\"><p>Formateur-consultant culinaire <br \/>Chef cuisinier<br \/>Co-Animateur TV<\/p><p>Ambassadeur de marques<\/p><p>Dipl\u00f4mes\/Formations :<\/p><ul><li>BTS Action et Communication<\/li><li>Masterclass cuisine : Christophe Michalak\/Thierry Marx\/Philipe Conticini<\/li><\/ul><p>Comp\u00e9tences :<\/p><ul><li>\u00c9laboration, organisation et animation d'atelier culinaire<\/li><li>Cr\u00e9ation et r\u00e9alisation de fiches techniques<\/li><li>Optimisation et cr\u00e9ation de carte\/menu\u00a0<\/li><li>Formation technique sur le mat\u00e9riel<\/li><\/ul><\/div><\/div>\t\t<\/div>\n\t\t\t\t<\/div>\n\t\t\t\t\t<\/div>\n\t\t<\/div>\n\t\t\t\t\t\t\t<\/div>\n\t\t<\/section>\n\t\t\t\t\t<\/div>\n\t\t<\/div>\n\t\t\t\t\t\t\t<\/div>\n\t\t<\/section>\n\t\t\t\t\t\t\t<\/div>\n\t\t","protected":false},"excerpt":{"rendered":"<p>Nos formateurs FEDIA Auditrice en Qualit\u00e9, Hygi\u00e8ne Alimentaire, S\u00e9curit\u00e9, Environnement exp\u00e9rience cumul\u00e9e en Management, Formation, Hygi\u00e8ne, Sant\u00e9 S\u00e9curit\u00e9 au Travail, Analyse des risques, Gestion de projet, Normes ISO, Formation \u00e0 destination des professionnels des m\u00e9tiers de bouche, h\u00f4tels et des collectivit\u00e9s dans la mise en place : Des bonnes pratiques d\u2019hygi\u00e8ne , Allerg\u00e8nes , la &#8230; <a title=\"Nos formateurs\" class=\"read-more\" href=\"https:\/\/www.ifape.com\/nos-formateurs\/\" aria-label=\"En savoir plus sur Nos formateurs\">Lire la suite<\/a><\/p>\n","protected":false},"author":1,"featured_media":0,"parent":0,"menu_order":0,"comment_status":"closed","ping_status":"closed","template":"elementor_header_footer","meta":[],"acf":[],"yoast_head":"<!-- This site is optimized with the Yoast SEO plugin v18.9 - https:\/\/yoast.com\/wordpress\/plugins\/seo\/ -->\n<title>Nos formateurs | IFAPE.com<\/title>\n<meta name=\"description\" content=\"Pr\u00e9sentation de notre \u00e9quipe de formateurs, compos\u00e9e de FEDIA et SAMIA ainsi que leurs fonctions au sein de notre centre de formations.\" \/>\n<meta name=\"robots\" content=\"index, follow, max-snippet:-1, max-image-preview:large, max-video-preview:-1\" \/>\n<link rel=\"canonical\" href=\"https:\/\/www.ifape.com\/index.php\/nos-formateurs\/\" \/>\n<meta property=\"og:locale\" content=\"fr_FR\" \/>\n<meta property=\"og:type\" content=\"article\" \/>\n<meta property=\"og:title\" content=\"Nos formateurs | IFAPE.com\" \/>\n<meta property=\"og:description\" content=\"Pr\u00e9sentation de notre \u00e9quipe de formateurs, compos\u00e9e de FEDIA et SAMIA ainsi que leurs fonctions au sein de notre centre de formations.\" \/>\n<meta property=\"og:url\" content=\"https:\/\/www.ifape.com\/index.php\/nos-formateurs\/\" \/>\n<meta property=\"og:site_name\" content=\"IFAPE.com\" \/>\n<meta property=\"article:modified_time\" content=\"2023-12-21T16:52:03+00:00\" \/>\n<meta name=\"twitter:card\" content=\"summary_large_image\" \/>\n<meta name=\"twitter:label1\" content=\"Dur\u00e9e de lecture estim\u00e9e\" \/>\n\t<meta name=\"twitter:data1\" content=\"1 minute\" \/>\n<script type=\"application\/ld+json\" class=\"yoast-schema-graph\">{\"@context\":\"https:\/\/schema.org\",\"@graph\":[{\"@type\":\"Organization\",\"@id\":\"https:\/\/www.ifape.com\/#organization\",\"name\":\"IFAPE\",\"url\":\"https:\/\/www.ifape.com\/\",\"sameAs\":[],\"logo\":{\"@type\":\"ImageObject\",\"inLanguage\":\"fr-FR\",\"@id\":\"https:\/\/www.ifape.com\/#\/schema\/logo\/image\/\",\"url\":\"https:\/\/www.ifape.com\/wp-content\/uploads\/2022\/01\/logo-ifape-favicon.svg\",\"contentUrl\":\"https:\/\/www.ifape.com\/wp-content\/uploads\/2022\/01\/logo-ifape-favicon.svg\",\"width\":307,\"height\":318,\"caption\":\"IFAPE\"},\"image\":{\"@id\":\"https:\/\/www.ifape.com\/#\/schema\/logo\/image\/\"}},{\"@type\":\"WebSite\",\"@id\":\"https:\/\/www.ifape.com\/#website\",\"url\":\"https:\/\/www.ifape.com\/\",\"name\":\"IFAPE.com\",\"description\":\"\",\"publisher\":{\"@id\":\"https:\/\/www.ifape.com\/#organization\"},\"potentialAction\":[{\"@type\":\"SearchAction\",\"target\":{\"@type\":\"EntryPoint\",\"urlTemplate\":\"https:\/\/www.ifape.com\/?s={search_term_string}\"},\"query-input\":\"required name=search_term_string\"}],\"inLanguage\":\"fr-FR\"},{\"@type\":\"WebPage\",\"@id\":\"https:\/\/www.ifape.com\/index.php\/nos-formateurs\/#webpage\",\"url\":\"https:\/\/www.ifape.com\/index.php\/nos-formateurs\/\",\"name\":\"Nos formateurs | IFAPE.com\",\"isPartOf\":{\"@id\":\"https:\/\/www.ifape.com\/#website\"},\"datePublished\":\"2021-12-08T13:37:29+00:00\",\"dateModified\":\"2023-12-21T16:52:03+00:00\",\"description\":\"Pr\u00e9sentation de notre \u00e9quipe de formateurs, compos\u00e9e de FEDIA et SAMIA ainsi que leurs fonctions au sein de notre centre de formations.\",\"breadcrumb\":{\"@id\":\"https:\/\/www.ifape.com\/index.php\/nos-formateurs\/#breadcrumb\"},\"inLanguage\":\"fr-FR\",\"potentialAction\":[{\"@type\":\"ReadAction\",\"target\":[\"https:\/\/www.ifape.com\/index.php\/nos-formateurs\/\"]}]},{\"@type\":\"BreadcrumbList\",\"@id\":\"https:\/\/www.ifape.com\/index.php\/nos-formateurs\/#breadcrumb\",\"itemListElement\":[{\"@type\":\"ListItem\",\"position\":1,\"name\":\"Accueil\",\"item\":\"https:\/\/www.ifape.com\/\"},{\"@type\":\"ListItem\",\"position\":2,\"name\":\"Nos formateurs\"}]}]}<\/script>\n<!-- \/ Yoast SEO plugin. -->","yoast_head_json":{"title":"Nos formateurs | IFAPE.com","description":"Pr\u00e9sentation de notre \u00e9quipe de formateurs, compos\u00e9e de FEDIA et SAMIA ainsi que leurs fonctions au sein de notre centre de formations.","robots":{"index":"index","follow":"follow","max-snippet":"max-snippet:-1","max-image-preview":"max-image-preview:large","max-video-preview":"max-video-preview:-1"},"canonical":"https:\/\/www.ifape.com\/index.php\/nos-formateurs\/","og_locale":"fr_FR","og_type":"article","og_title":"Nos formateurs | IFAPE.com","og_description":"Pr\u00e9sentation de notre \u00e9quipe de formateurs, compos\u00e9e de FEDIA et SAMIA ainsi que leurs fonctions au sein de notre centre de formations.","og_url":"https:\/\/www.ifape.com\/index.php\/nos-formateurs\/","og_site_name":"IFAPE.com","article_modified_time":"2023-12-21T16:52:03+00:00","twitter_card":"summary_large_image","twitter_misc":{"Dur\u00e9e de lecture estim\u00e9e":"1 minute"},"schema":{"@context":"https:\/\/schema.org","@graph":[{"@type":"Organization","@id":"https:\/\/www.ifape.com\/#organization","name":"IFAPE","url":"https:\/\/www.ifape.com\/","sameAs":[],"logo":{"@type":"ImageObject","inLanguage":"fr-FR","@id":"https:\/\/www.ifape.com\/#\/schema\/logo\/image\/","url":"https:\/\/www.ifape.com\/wp-content\/uploads\/2022\/01\/logo-ifape-favicon.svg","contentUrl":"https:\/\/www.ifape.com\/wp-content\/uploads\/2022\/01\/logo-ifape-favicon.svg","width":307,"height":318,"caption":"IFAPE"},"image":{"@id":"https:\/\/www.ifape.com\/#\/schema\/logo\/image\/"}},{"@type":"WebSite","@id":"https:\/\/www.ifape.com\/#website","url":"https:\/\/www.ifape.com\/","name":"IFAPE.com","description":"","publisher":{"@id":"https:\/\/www.ifape.com\/#organization"},"potentialAction":[{"@type":"SearchAction","target":{"@type":"EntryPoint","urlTemplate":"https:\/\/www.ifape.com\/?s={search_term_string}"},"query-input":"required name=search_term_string"}],"inLanguage":"fr-FR"},{"@type":"WebPage","@id":"https:\/\/www.ifape.com\/index.php\/nos-formateurs\/#webpage","url":"https:\/\/www.ifape.com\/index.php\/nos-formateurs\/","name":"Nos formateurs | IFAPE.com","isPartOf":{"@id":"https:\/\/www.ifape.com\/#website"},"datePublished":"2021-12-08T13:37:29+00:00","dateModified":"2023-12-21T16:52:03+00:00","description":"Pr\u00e9sentation de notre \u00e9quipe de formateurs, compos\u00e9e de FEDIA et SAMIA ainsi que leurs fonctions au sein de notre centre de formations.","breadcrumb":{"@id":"https:\/\/www.ifape.com\/index.php\/nos-formateurs\/#breadcrumb"},"inLanguage":"fr-FR","potentialAction":[{"@type":"ReadAction","target":["https:\/\/www.ifape.com\/index.php\/nos-formateurs\/"]}]},{"@type":"BreadcrumbList","@id":"https:\/\/www.ifape.com\/index.php\/nos-formateurs\/#breadcrumb","itemListElement":[{"@type":"ListItem","position":1,"name":"Accueil","item":"https:\/\/www.ifape.com\/"},{"@type":"ListItem","position":2,"name":"Nos formateurs"}]}]}},"_links":{"self":[{"href":"https:\/\/www.ifape.com\/index.php\/wp-json\/wp\/v2\/pages\/281"}],"collection":[{"href":"https:\/\/www.ifape.com\/index.php\/wp-json\/wp\/v2\/pages"}],"about":[{"href":"https:\/\/www.ifape.com\/index.php\/wp-json\/wp\/v2\/types\/page"}],"author":[{"embeddable":true,"href":"https:\/\/www.ifape.com\/index.php\/wp-json\/wp\/v2\/users\/1"}],"replies":[{"embeddable":true,"href":"https:\/\/www.ifape.com\/index.php\/wp-json\/wp\/v2\/comments?post=281"}],"version-history":[{"count":48,"href":"https:\/\/www.ifape.com\/index.php\/wp-json\/wp\/v2\/pages\/281\/revisions"}],"predecessor-version":[{"id":1110,"href":"https:\/\/www.ifape.com\/index.php\/wp-json\/wp\/v2\/pages\/281\/revisions\/1110"}],"wp:attachment":[{"href":"https:\/\/www.ifape.com\/index.php\/wp-json\/wp\/v2\/media?parent=281"}],"curies":[{"name":"wp","href":"https:\/\/api.w.org\/{rel}","templated":true}]}}